{"id":73,"date":"2018-04-29T15:54:00","date_gmt":"2018-04-29T15:54:00","guid":{"rendered":"http:\/\/kbcgg.de\/?page_id=73"},"modified":"2018-04-29T15:54:00","modified_gmt":"2018-04-29T15:54:00","slug":"veranstaltungen","status":"publish","type":"page","link":"https:\/\/kbcgg.de\/?page_id=73","title":{"rendered":"Veranstaltungen"},"content":{"rendered":"\r\n<table class=\"spiffy calendar-table bigcal\">\r\n\t<tr class=\"calendar-heading\"><td colspan=\"7\" class=\"calendar-date-switcher\">\r\n\t\t<table class=\"calendar-heading-tbl\">\r\n\t\t<tr>\r\n\t\t\t<td class=\"calendar-prev\"><a rel=\"nofollow\" title=\"Previous month\" class=\"spiffy-calendar-arrow\" onclick=\"sessionStorage.scrollTop = jQuery(window).scrollTop();\" href=\"\/index.php?rest_route=%2Fwp%2Fv2%2Fpages%2F73&#038;grid-list-toggle=grid&#038;month=mar&#038;yr=2026\">&lt;<\/a><\/td>\r\n\r\n\t\t\t<td class=\"calendar-month\">April 2026<\/td>\r\n\t\t\t<td class=\"calendar-next\"><a rel=\"nofollow\" title=\"Next month\" class=\"spiffy-calendar-arrow\" onclick=\"sessionStorage.scrollTop = jQuery(window).scrollTop();\" href=\"\/index.php?rest_route=%2Fwp%2Fv2%2Fpages%2F73&#038;grid-list-toggle=grid&#038;month=may&#038;yr=2026\">&gt;<\/a><\/td>\r\n\t\t<\/tr>\r\n\t\t<\/table>\r\n\t<\/td><\/tr><tr class=\"weekday-titles\"><td class=\"normal-day-heading\">Montag<\/td><td class=\"normal-day-heading\">Dienstag<\/td><td class=\"normal-day-heading\">Mittwoch<\/td><td class=\"normal-day-heading\">Donnerstag<\/td><td class=\"normal-day-heading\">Freitag<\/td><td class=\"weekend-heading\">Samstag<\/td><td class=\"weekend-heading\">Sonntag<\/td><\/tr><tr>\t<td class=\"day-without-date\">&nbsp;<\/td>\t<td class=\"day-without-date\">&nbsp;<\/td>\t<td class=\"spiffy-day-1  no-events day-with-date\"><span class=\"day-number\">1<\/span><span class=\"spiffy-event-group\"><\/span><\/td>\t<td class=\"spiffy-day-2  no-events day-with-date\"><span class=\"day-number\">2<\/span><span class=\"spiffy-event-group\"><\/span><\/td>\t<td class=\"spiffy-day-3  day-with-date\"><span class=\"day-number\">3<\/span><span class=\"spiffy-event-group\"><span class=\"calnk  spiffy-eventid-980\"><span onclick=\"\" class=\"calnk-link\" ><span class=\"calnk-box\"><a href=\"https:\/\/www.facebook.com\/groups\/4408425259195364\/posts\/25847623944848852\/\"  target=\"_blank\" ><span class=\"spiffy-title\">Car-Freitag<\/span><\/a><br \/><img decoding=\"async\" alt=\"\" class=\"calnk-icon\" src=\"https:\/\/kbcgg.de\/wp-content\/uploads\/2026\/03\/CARFreitag-150x150.jpg\" \/><span class=\"spiffy-popup\" ><a href=\"https:\/\/www.facebook.com\/groups\/4408425259195364\/posts\/25847623944848852\/\"  target=\"_blank\" ><span class=\"event-title\" >Car-Freitag<\/span><span class=\"event-title-break\"><\/span><img decoding=\"async\" src=\"https:\/\/kbcgg.de\/wp-content\/uploads\/2026\/03\/CARFreitag-150x150.jpg\" alt=\"\" \/><\/a><span class=\"ca-desc-p\">Oldtimertreffen im alten Opelwerk in R\u00fcsselsheim.<\/span>\n<span class=\"ca-location-p\">Motorworld R\u00fcsselsheim<br \/>\nEinfahrt \u00fcber Marktstr.\/Opel Hauptportal<\/span>\n<span class=\"ca-location-p\"><a href=\"https:\/\/maps.google.com\/?q=Motorworld%20R%C3%BCsselsheim%0AEinfahrt%20%C3%BCber%20Marktstr.%2FOpel%20Hauptportal\" target=\"_blank\">Karte<\/a><\/span><\/span><\/span><\/span><\/span>\r\n<\/span><\/td>\t<td class=\"spiffy-day-4  weekend no-events day-with-date\"><span class=\"day-number weekend\">4<\/span><span class=\"spiffy-event-group\"><\/span><\/td>\t<td class=\"spiffy-day-5  weekend no-events day-with-date\"><span class=\"day-number weekend\">5<\/span><span class=\"spiffy-event-group\"><\/span><\/td><\/tr><tr>\t<td class=\"spiffy-day-6  no-events day-with-date\"><span class=\"day-number\">6<\/span><span class=\"spiffy-event-group\"><\/span><\/td>\t<td class=\"spiffy-day-7  no-events day-with-date\"><span class=\"day-number\">7<\/span><span class=\"spiffy-event-group\"><\/span><\/td>\t<td class=\"spiffy-day-8  no-events day-with-date\"><span class=\"day-number\">8<\/span><span class=\"spiffy-event-group\"><\/span><\/td>\t<td class=\"spiffy-day-9  no-events day-with-date\"><span class=\"day-number\">9<\/span><span class=\"spiffy-event-group\"><\/span><\/td>\t<td class=\"spiffy-day-10  no-events day-with-date\"><span class=\"day-number\">10<\/span><span class=\"spiffy-event-group\"><\/span><\/td>\t<td class=\"spiffy-day-11  weekend no-events day-with-date\"><span class=\"day-number weekend\">11<\/span><span class=\"spiffy-event-group\"><\/span><\/td>\t<td class=\"spiffy-day-12  weekend no-events day-with-date\"><span class=\"day-number weekend\">12<\/span><span class=\"spiffy-event-group\"><\/span><\/td><\/tr><tr>\t<td class=\"spiffy-day-13  no-events day-with-date\"><span class=\"day-number\">13<\/span><span class=\"spiffy-event-group\"><\/span><\/td>\t<td class=\"spiffy-day-14  no-events day-with-date\"><span class=\"day-number\">14<\/span><span class=\"spiffy-event-group\"><\/span><\/td>\t<td class=\"spiffy-day-15  no-events day-with-date\"><span class=\"day-number\">15<\/span><span class=\"spiffy-event-group\"><\/span><\/td>\t<td class=\"spiffy-day-16  no-events day-with-date\"><span class=\"day-number\">16<\/span><span class=\"spiffy-event-group\"><\/span><\/td>\t<td class=\"spiffy-day-17  no-events day-with-date\"><span class=\"day-number\">17<\/span><span class=\"spiffy-event-group\"><\/span><\/td>\t<td class=\"spiffy-day-18  weekend no-events day-with-date\"><span class=\"day-number weekend\">18<\/span><span class=\"spiffy-event-group\"><\/span><\/td>\t<td class=\"spiffy-day-19  weekend no-events day-with-date\"><span class=\"day-number weekend\">19<\/span><span class=\"spiffy-event-group\"><\/span><\/td><\/tr><tr>\t<td class=\"spiffy-day-20  no-events day-with-date\"><span class=\"day-number\">20<\/span><span class=\"spiffy-event-group\"><\/span><\/td>\t<td class=\"spiffy-day-21  no-events day-with-date\"><span class=\"day-number\">21<\/span><span class=\"spiffy-event-group\"><\/span><\/td>\t<td class=\"spiffy-day-22  no-events day-with-date\"><span class=\"day-number\">22<\/span><span class=\"spiffy-event-group\"><\/span><\/td>\t<td class=\"spiffy-day-23  no-events day-with-date\"><span class=\"day-number\">23<\/span><span class=\"spiffy-event-group\"><\/span><\/td>\t<td class=\"spiffy-day-24  day-with-date\"><span class=\"day-number\">24<\/span><span class=\"spiffy-event-group\"><span class=\"calnk category_6 spiffy-eventid-982\"><span onclick=\"\" class=\"calnk-link\" style=\"color:#dd3333;\" ><span class=\"calnk-box\"><a href=\"https:\/\/veterama.de\/\" style=\"color:#dd3333;\"  target=\"_blank\" ><span class=\"spiffy-title\">Veterama Hockenheimring<\/span><\/a><span class=\"calnk-time\"><br \/>09:00<\/span><br \/><img decoding=\"async\" alt=\"\" class=\"calnk-icon\" src=\"https:\/\/kbcgg.de\/wp-content\/uploads\/2026\/03\/VeteramaHockenheim-150x150.jpg\" \/><span class=\"spiffy-popup\" style=\"color:#dd3333;\" ><a href=\"https:\/\/veterama.de\/\"  target=\"_blank\" ><span class=\"event-title\" style=\"color:#dd3333;\" >Veterama Hockenheimring<\/span><span class=\"event-title-break\"><\/span><span class=\"event-title-time\"><strong>Uhrzeit:<\/strong> 09:00<\/span><br \/><img decoding=\"async\" src=\"https:\/\/kbcgg.de\/wp-content\/uploads\/2026\/03\/VeteramaHockenheim-150x150.jpg\" alt=\"\" \/><\/a><span class=\"ca-desc-p\">Die Veterama ist der gr\u00f6\u00dfte Oldtimer und Youngtimer Markt in Europa. Die Fr\u00fchjahrsveterama findet auf dem Hockenheimring statt. Auch dieses Jahr kann man sich zur Showarena anmelden und seinen eigenen Oldtimer den interessierten Besuchern auf dem Ring pr\u00e4sentieren.<\/span>\n<span class=\"ca-location-p\">Hockenheimring<br \/>\nAm Motodrom 1<br \/>\n68766 Hockenheim<\/span>\n<span class=\"ca-location-p\"><a href=\"https:\/\/maps.google.com\/?q=Hockenheimring%0AAm%20Motodrom%201%0A68766%20Hockenheim\" target=\"_blank\">Karte<\/a><\/span><\/span><\/span><\/span><\/span>\r\n<\/span><\/td>\t<td class=\"spiffy-day-25  weekend day-with-date\"><span class=\"day-number weekend\">25<\/span><span class=\"spiffy-event-group\"><span class=\"calnk category_6 spiffy-eventid-982\"><span onclick=\"\" class=\"calnk-link\" style=\"color:#dd3333;\" ><span class=\"calnk-box\"><a href=\"https:\/\/veterama.de\/\" style=\"color:#dd3333;\"  target=\"_blank\" ><span class=\"spiffy-title\">Veterama Hockenheimring<\/span><\/a><span class=\"calnk-time\"><br \/>09:00<\/span><br \/><img decoding=\"async\" alt=\"\" class=\"calnk-icon\" src=\"https:\/\/kbcgg.de\/wp-content\/uploads\/2026\/03\/VeteramaHockenheim-150x150.jpg\" \/><span class=\"spiffy-popup\" style=\"color:#dd3333;\" ><a href=\"https:\/\/veterama.de\/\"  target=\"_blank\" ><span class=\"event-title\" style=\"color:#dd3333;\" >Veterama Hockenheimring<\/span><span class=\"event-title-break\"><\/span><span class=\"event-title-time\"><strong>Uhrzeit:<\/strong> 09:00<\/span><br \/><img decoding=\"async\" src=\"https:\/\/kbcgg.de\/wp-content\/uploads\/2026\/03\/VeteramaHockenheim-150x150.jpg\" alt=\"\" \/><\/a><span class=\"ca-desc-p\">Die Veterama ist der gr\u00f6\u00dfte Oldtimer und Youngtimer Markt in Europa. Die Fr\u00fchjahrsveterama findet auf dem Hockenheimring statt. Auch dieses Jahr kann man sich zur Showarena anmelden und seinen eigenen Oldtimer den interessierten Besuchern auf dem Ring pr\u00e4sentieren.<\/span>\n<span class=\"ca-location-p\">Hockenheimring<br \/>\nAm Motodrom 1<br \/>\n68766 Hockenheim<\/span>\n<span class=\"ca-location-p\"><a href=\"https:\/\/maps.google.com\/?q=Hockenheimring%0AAm%20Motodrom%201%0A68766%20Hockenheim\" target=\"_blank\">Karte<\/a><\/span><\/span><\/span><\/span><\/span>\r\n<\/span><\/td>\t<td class=\"spiffy-day-26  weekend day-with-date\"><span class=\"day-number weekend\">26<\/span><span class=\"spiffy-event-group\"><span class=\"calnk category_6 spiffy-eventid-982\"><span onclick=\"\" class=\"calnk-link\" style=\"color:#dd3333;\" ><span class=\"calnk-box\"><a href=\"https:\/\/veterama.de\/\" style=\"color:#dd3333;\"  target=\"_blank\" ><span class=\"spiffy-title\">Veterama Hockenheimring<\/span><\/a><span class=\"calnk-time\"><br \/>09:00<\/span><br \/><img decoding=\"async\" alt=\"\" class=\"calnk-icon\" src=\"https:\/\/kbcgg.de\/wp-content\/uploads\/2026\/03\/VeteramaHockenheim-150x150.jpg\" \/><span class=\"spiffy-popup\" style=\"color:#dd3333;\" ><a href=\"https:\/\/veterama.de\/\"  target=\"_blank\" ><span class=\"event-title\" style=\"color:#dd3333;\" >Veterama Hockenheimring<\/span><span class=\"event-title-break\"><\/span><span class=\"event-title-time\"><strong>Uhrzeit:<\/strong> 09:00<\/span><br \/><img decoding=\"async\" src=\"https:\/\/kbcgg.de\/wp-content\/uploads\/2026\/03\/VeteramaHockenheim-150x150.jpg\" alt=\"\" \/><\/a><span class=\"ca-desc-p\">Die Veterama ist der gr\u00f6\u00dfte Oldtimer und Youngtimer Markt in Europa. Die Fr\u00fchjahrsveterama findet auf dem Hockenheimring statt. Auch dieses Jahr kann man sich zur Showarena anmelden und seinen eigenen Oldtimer den interessierten Besuchern auf dem Ring pr\u00e4sentieren.<\/span>\n<span class=\"ca-location-p\">Hockenheimring<br \/>\nAm Motodrom 1<br \/>\n68766 Hockenheim<\/span>\n<span class=\"ca-location-p\"><a href=\"https:\/\/maps.google.com\/?q=Hockenheimring%0AAm%20Motodrom%201%0A68766%20Hockenheim\" target=\"_blank\">Karte<\/a><\/span><\/span><\/span><\/span><\/span>\r\n<span class=\"calnk category_6 spiffy-eventid-1102\"><span onclick=\"\" class=\"calnk-link\" style=\"color:#dd3333;\" ><span class=\"calnk-box\"><a href=\"https:\/\/www.facebook.com\/events\/3206386222842489\" style=\"color:#dd3333;\"  target=\"_blank\" ><span class=\"spiffy-title\">2. Pohlheim Classics<\/span><\/a><span class=\"calnk-time\"><br \/>11:00<\/span><br \/><img decoding=\"async\" alt=\"\" class=\"calnk-icon\" src=\"https:\/\/kbcgg.de\/wp-content\/uploads\/2026\/03\/Pohlheim-150x150.jpg\" \/><span class=\"spiffy-popup\" style=\"color:#dd3333;\" ><a href=\"https:\/\/www.facebook.com\/events\/3206386222842489\"  target=\"_blank\" ><span class=\"event-title\" style=\"color:#dd3333;\" >2. Pohlheim Classics<\/span><span class=\"event-title-break\"><\/span><span class=\"event-title-time\"><strong>Uhrzeit:<\/strong> 11:00<\/span><br \/><img decoding=\"async\" src=\"https:\/\/kbcgg.de\/wp-content\/uploads\/2026\/03\/Pohlheim-150x150.jpg\" alt=\"\" \/><\/a><span class=\"ca-location-p\">Zur Aue \/ Ecke Germaniastra\u00dfe, Gie\u00dfen<\/span>\n<span class=\"ca-location-p\"><a href=\"https:\/\/maps.google.com\/?q=Zur%20Aue%20%2F%20Ecke%20Germaniastra%C3%9Fe%2C%20Gie%C3%9Fen\" target=\"_blank\">Karte<\/a><\/span><\/span><\/span><\/span><\/span>\r\n<\/span><\/td><\/tr><tr>\t<td class=\"spiffy-day-27  no-events day-with-date\"><span class=\"day-number\">27<\/span><span class=\"spiffy-event-group\"><\/span><\/td>\t<td class=\"spiffy-day-28  no-events day-with-date\"><span class=\"day-number\">28<\/span><span class=\"spiffy-event-group\"><\/span><\/td>\t<td class=\"spiffy-day-29 current-day no-events day-with-date\"><span class=\"day-number\">29<\/span><span class=\"spiffy-event-group\"><\/span><\/td>\t<td class=\"spiffy-day-30  no-events day-with-date\"><span class=\"day-number\">30<\/span><span class=\"spiffy-event-group\"><\/span><\/td>\t<td class=\"day-without-date\">&nbsp;<\/td>\t<td class=\"day-without-date weekend\">&nbsp;<\/td>\t<td class=\"day-without-date weekend\">&nbsp;<\/td><\/tr><tr class=\"category-key-row\"><td colspan=\"7\" class=\"category-key\" ><table class=\"spiffy cat-key\"><colgroup>\r\n\t<col style=\"width:10px; height:10px;\">\r\n\t<col>\r\n<\/colgroup>\r\n<tr><td colspan=\"2\" class=\"cat-key-cell\"><strong>Kategorien<\/strong><\/td><\/tr><tr class=\"\" data-category=\"5\"><td style=\"background-color:#000000; \" class=\"cat-key-cell\"><\/td>\r\n\t<td class=\"cat-key-cell\" data-category=\"5\">&nbsp;Aktivit\u00e4t<\/td><\/tr><tr class=\"\" data-category=\"8\"><td style=\"background-color:#1e73be; \" class=\"cat-key-cell\"><\/td>\r\n\t<td class=\"cat-key-cell\" data-category=\"8\">&nbsp;Rennsport<\/td><\/tr><tr class=\"\" data-category=\"7\"><td style=\"background-color:#81d742; \" class=\"cat-key-cell\"><\/td>\r\n\t<td class=\"cat-key-cell\" data-category=\"7\">&nbsp;Stammtisch<\/td><\/tr><tr class=\"\" data-category=\"6\"><td style=\"background-color:#dd3333; \" class=\"cat-key-cell\"><\/td>\r\n\t<td class=\"cat-key-cell\" data-category=\"6\">&nbsp;Treffen<\/td><\/tr><\/table><\/td><\/tr><\/table>\n","protected":false},"excerpt":{"rendered":"","protected":false},"author":1,"featured_media":0,"parent":0,"menu_order":0,"comment_status":"closed","ping_status":"closed","template":"","meta":{"footnotes":""},"class_list":["post-73","page","type-page","status-publish","hentry"],"_links":{"self":[{"href":"https:\/\/kbcgg.de\/index.php?rest_route=\/wp\/v2\/pages\/73","targetHints":{"allow":["GET"]}}],"collection":[{"href":"https:\/\/kbcgg.de\/index.php?rest_route=\/wp\/v2\/pages"}],"about":[{"href":"https:\/\/kbcgg.de\/index.php?rest_route=\/wp\/v2\/types\/page"}],"author":[{"embeddable":true,"href":"https:\/\/kbcgg.de\/index.php?rest_route=\/wp\/v2\/users\/1"}],"replies":[{"embeddable":true,"href":"https:\/\/kbcgg.de\/index.php?rest_route=%2Fwp%2Fv2%2Fcomments&post=73"}],"version-history":[{"count":3,"href":"https:\/\/kbcgg.de\/index.php?rest_route=\/wp\/v2\/pages\/73\/revisions"}],"predecessor-version":[{"id":77,"href":"https:\/\/kbcgg.de\/index.php?rest_route=\/wp\/v2\/pages\/73\/revisions\/77"}],"wp:attachment":[{"href":"https:\/\/kbcgg.de\/index.php?rest_route=%2Fwp%2Fv2%2Fmedia&parent=73"}],"curies":[{"name":"wp","href":"https:\/\/api.w.org\/{rel}","templated":true}]}}